{"id":279,"date":"2025-03-14T17:46:34","date_gmt":"2025-03-14T14:46:34","guid":{"rendered":"https:\/\/www.kitapsinas.com.tr\/?page_id=279"},"modified":"2025-03-14T17:56:09","modified_gmt":"2025-03-14T14:56:09","slug":"galeri","status":"publish","type":"page","link":"https:\/\/www.kitapsinas.com.tr\/?page_id=279","title":{"rendered":"&#8220;Hi\u00e7bir \u015fey yap\u0131lmaya de\u011fmez,d\u00fcnyan\u0131n yap\u0131lamaz ediklerinden ba\u015fka.&#8221;\nOscar Wilde"},"content":{"rendered":"\n<p><\/p>\n\n\n\n<div class=\"wp-block-media-text is-stacked-on-mobile\"><figure class=\"wp-block-media-text__media\"><img fetchpriority=\"high\" decoding=\"async\" width=\"320\" height=\"522\" src=\"https:\/\/www.kitapsinas.com.tr\/wp-content\/uploads\/2025\/03\/ak-1.jpg\" alt=\"\" class=\"wp-image-280 size-full\" srcset=\"https:\/\/www.kitapsinas.com.tr\/wp-content\/uploads\/2025\/03\/ak-1.jpg 320w, https:\/\/www.kitapsinas.com.tr\/wp-content\/uploads\/2025\/03\/ak-1-184x300.jpg 184w\" sizes=\"(max-width: 320px) 100vw, 320px\" \/><\/figure><div class=\"wp-block-media-text__content\">\n<p>Ana karakterlerden Dmitri\u00e7 kendisini s\u00fcrekli endi\u015fe i\u00e7inde bulur ve herhangi bir su\u00e7 i\u015flememesine ra\u011fmen devaml\u0131 takip edildi\u011fini d\u00fc\u015f\u00fcn\u00fcr. Paranoyak bir izlenim veren Dmitri\u00e7 en sonunda&nbsp;<strong>Alt\u0131nc\u0131 Ko\u011fu\u015f<\/strong>&#8216;a yat\u0131r\u0131l\u0131r. Bu ak\u0131l hastanesinde kald\u0131\u011f\u0131&nbsp;<strong>ko\u011fu\u015f<\/strong>&nbsp;olduk\u00e7a k\u00f6t\u00fc durumdad\u0131r ve hastalarla ilgilenilmemektedir.<\/p>\n<\/div><\/div>\n\n\n\n<div class=\"wp-block-media-text is-stacked-on-mobile\"><figure class=\"wp-block-media-text__media\"><img decoding=\"async\" width=\"257\" height=\"400\" src=\"https:\/\/www.kitapsinas.com.tr\/wp-content\/uploads\/2025\/03\/kk-1.jpg\" alt=\"\" class=\"wp-image-283 size-full\" srcset=\"https:\/\/www.kitapsinas.com.tr\/wp-content\/uploads\/2025\/03\/kk-1.jpg 257w, https:\/\/www.kitapsinas.com.tr\/wp-content\/uploads\/2025\/03\/kk-1-193x300.jpg 193w\" sizes=\"(max-width: 257px) 100vw, 257px\" \/><\/figure><div class=\"wp-block-media-text__content\">\n<p>Emery uzun zamand\u0131r kendini \u00e7ok yaln\u0131z hissediyor, k\u0131z\u0131n\u0131 t\u00fcm zorluklara ra\u011fmen tek ba\u015f\u0131na b\u00fcy\u00fctmeye \u00e7al\u0131\u015f\u0131yordu. Bu durum mutluluk verici olsa da zordu \u00e7\u00fcnk\u00fc yapt\u0131\u011f\u0131 i\u015fe tutunabilmek ve bir yuva kurabilmek i\u00e7in durmaks\u0131z\u0131n m\u00fccadele ediyordu. Onlara yard\u0131m edecek hi\u00e7 kimse yoktu. Beklenmedik bir masraf ya da \u00f6demesi geciken bir fatura t\u00fcm ya\u015famlar\u0131n\u0131 alt\u00fcst edebilirdi.<br>Oliver Smith ikiz karde\u015finin \u00f6l\u00fcm\u00fcnden sonra ya\u015fad\u0131\u011f\u0131 sorunlar\u0131 i\u00e7ki i\u00e7erek uzakla\u015ft\u0131rmaya \u00e7al\u0131\u015f\u0131yordu.<\/p>\n<\/div><\/div>\n\n\n\n<div class=\"wp-block-media-text is-stacked-on-mobile\"><figure class=\"wp-block-media-text__media\"><img decoding=\"async\" width=\"320\" height=\"462\" src=\"http:\/\/www.kitapsinas.com.tr\/wp-content\/uploads\/2025\/03\/elvedaask.jpg\" alt=\"\" class=\"wp-image-240 size-full\" srcset=\"https:\/\/www.kitapsinas.com.tr\/wp-content\/uploads\/2025\/03\/elvedaask.jpg 320w, https:\/\/www.kitapsinas.com.tr\/wp-content\/uploads\/2025\/03\/elvedaask-208x300.jpg 208w\" sizes=\"(max-width: 320px) 100vw, 320px\" \/><\/figure><div class=\"wp-block-media-text__content\">\n<p>Daha Balkan Harbi\u2019nin yaralar\u0131n\u0131 saramadan yeni bir sava\u015f\u0131n ortas\u0131nda kalan Osmanl\u0131\u2019da, halk\u0131 yine fedak\u00e2rl\u0131klar beklemekteydi. \u0130stanbul Sultan\u00eesi talebelerinden Yusuf, S\u00fcreyya ve Feyzi ilk a\u015fklar\u0131n\u0131 hen\u00fcz ya\u015farken vuslat\u0131n sanc\u0131s\u0131 gelip yerle\u015fti y\u00fcreklerine. Onlar i\u00e7in art\u0131k vuslat demek sava\u015f\u0131n bitmesi ve vatan\u0131n kurtulmas\u0131 demekti.<br>\u0130\u00e7lerinde kopan f\u0131rt\u0131nalara ra\u011fmen umutla gittiler cepheye\u2026 A\u015fklar\u0131na kavu\u015fmak, yar\u0131m kalan hik\u00e2yelerden olmamak i\u00e7in\u2026<br>\u0130ncir Ku\u015flar\u0131 ve Meyra\u2019n\u0131n yazar\u0131 Sinan Aky\u00fcz\u2019den \u00c7anakkale Sava\u015f\u0131\u2019n\u0131 ve ger\u00e7ek kahramanlar\u0131n\u0131 anlatan heyecan dolu yeni bir roman\u2026<\/p>\n\n\n\n<p><\/p>\n<\/div><\/div>\n\n\n\n<div class=\"wp-block-media-text is-stacked-on-mobile\"><figure class=\"wp-block-media-text__media\"><img loading=\"lazy\" decoding=\"async\" width=\"167\" height=\"250\" src=\"http:\/\/www.kitapsinas.com.tr\/wp-content\/uploads\/2025\/03\/2327.8.png\" alt=\"\" class=\"wp-image-132 size-full\"\/><\/figure><div class=\"wp-block-media-text__content\">\n<p><em>Ruhum nicedir eprimi\u015f bir kuma\u015f gibi t\u00fcm bedenimi kaplarken, s\u00f6k\u00fclen yerlerimi g\u00f6rememi\u015fim. Etraftakilerin ard\u0131mdan \u201cAh yaz\u0131k\u201d dediklerini duyuyorum; ama bu kez g\u00fc\u00e7l\u00fc g\u00f6r\u00fcnmeye niyetim yok. Yal\u0131nkat bir hayat s\u00fcrmek tek iste\u011fim. \u00c7itledi\u011fim \u00e7ekirdeklerin kabuklar\u0131yla \u00e7i\u00e7eklerimi besliyorum. Ba\u015fkaca s\u00f6z\u00fcm yok!\u201d<\/em><br>Nilay \u015eim\u015fek Ercan\u2019dan ruhsal yaralar\u0131m\u0131z\u0131n bedenimizde n\u00fcksetmesiyle olu\u015fan arazlardan \u015fifa yolculu\u011funa uzanan, s\u00f6zc\u00fckleriyle okuru da bu \u015fifaya davet eden bir ilk roman\u2026<\/p>\n\n\n\n<p><\/p>\n<\/div><\/div>\n","protected":false},"excerpt":{"rendered":"<p>Ana karakterlerden Dmitri\u00e7 kendisini s\u00fcrekli endi\u015fe i\u00e7inde bulur ve herhangi bir su\u00e7 i\u015flememesine ra\u011fmen devaml\u0131 takip edildi\u011fini d\u00fc\u015f\u00fcn\u00fcr. Paranoyak bir izlenim veren Dmitri\u00e7 en sonunda&nbsp;Alt\u0131nc\u0131 Ko\u011fu\u015f&#8216;a yat\u0131r\u0131l\u0131r. Bu ak\u0131l hastanesinde [&hellip;]<\/p>\n","protected":false},"author":1,"featured_media":0,"parent":0,"menu_order":0,"comment_status":"closed","ping_status":"closed","template":"","meta":{"_EventAllDay":false,"_EventTimezone":"","_EventStartDate":"","_EventEndDate":"","_EventStartDateUTC":"","_EventEndDateUTC":"","_EventShowMap":false,"_EventShowMapLink":false,"_EventURL":"","_EventCost":"","_EventCostDescription":"","_EventCurrencySymbol":"","_EventCurrencyCode":"","_EventCurrencyPosition":"","_EventDateTimeSeparator":"","_EventTimeRangeSeparator":"","_EventOrganizerID":[],"_EventVenueID":[],"_OrganizerEmail":"","_OrganizerPhone":"","_OrganizerWebsite":"","_VenueAddress":"","_VenueCity":"","_VenueCountry":"","_VenueProvince":"","_VenueState":"","_VenueZip":"","_VenuePhone":"","_VenueURL":"","_VenueStateProvince":"","_VenueLat":"","_VenueLng":"","_VenueShowMap":false,"_VenueShowMapLink":false,"footnotes":""},"class_list":["post-279","page","type-page","status-publish","hentry"],"_links":{"self":[{"href":"https:\/\/www.kitapsinas.com.tr\/index.php?rest_route=\/wp\/v2\/pages\/279","targetHints":{"allow":["GET"]}}],"collection":[{"href":"https:\/\/www.kitapsinas.com.tr\/index.php?rest_route=\/wp\/v2\/pages"}],"about":[{"href":"https:\/\/www.kitapsinas.com.tr\/index.php?rest_route=\/wp\/v2\/types\/page"}],"author":[{"embeddable":true,"href":"https:\/\/www.kitapsinas.com.tr\/index.php?rest_route=\/wp\/v2\/users\/1"}],"replies":[{"embeddable":true,"href":"https:\/\/www.kitapsinas.com.tr\/index.php?rest_route=%2Fwp%2Fv2%2Fcomments&post=279"}],"version-history":[{"count":5,"href":"https:\/\/www.kitapsinas.com.tr\/index.php?rest_route=\/wp\/v2\/pages\/279\/revisions"}],"predecessor-version":[{"id":287,"href":"https:\/\/www.kitapsinas.com.tr\/index.php?rest_route=\/wp\/v2\/pages\/279\/revisions\/287"}],"wp:attachment":[{"href":"https:\/\/www.kitapsinas.com.tr\/index.php?rest_route=%2Fwp%2Fv2%2Fmedia&parent=279"}],"curies":[{"name":"wp","href":"https:\/\/api.w.org\/{rel}","templated":true}]}}